{"id":113500,"date":"2016-12-02T13:41:00","date_gmt":"2016-12-02T21:41:00","guid":{"rendered":"https:\/\/www.santamonica.com\/?post_type=tribe_events&#038;p=113500"},"modified":"2016-12-02T13:41:00","modified_gmt":"2016-12-02T21:41:00","slug":"aerotheatre-les-ardennes","status":"publish","type":"tribe_events","link":"https:\/\/www.santamonica.com\/fr\/event\/aero-theatre-the-ardennes\/","title":{"rendered":"L'A\u00e9roth\u00e9\u00e2tre pr\u00e9sente : Les Ardennes"},"content":{"rendered":"<p><em>Discussion apr\u00e8s le film avec le r\u00e9alisateur Robin <\/em>Pront<em> et l'acteur principal Kevin Janssens. Une r\u00e9ception autour d'une bi\u00e8re belge suivra.<\/em><br \/>\nLe braquage rat\u00e9 qui donne le coup d'envoi du premier long m\u00e9trage du r\u00e9alisateur Robin Pront creuse un foss\u00e9 entre deux fr\u00e8res : Kenny (Kevin Janssens), qui est condamn\u00e9 pour le crime, et Dave (Jeroen Perceval), qui r\u00e9ussit \u00e0 s'\u00e9chapper. Lorsque Kenny est lib\u00e9r\u00e9 sur parole apr\u00e8s des ann\u00e9es de prison, il a du mal \u00e0 s'adapter \u00e0 la vie normale, tandis que Dave s'efforce de cacher sa relation avec l'ancienne petite amie de Kenny (Veerle Baetens). La tension monte progressivement depuis le d\u00e9but de ce drame tendu jusqu'\u00e0 son apog\u00e9e dans la for\u00eat des Ardennes, en Belgique. En flamand et en fran\u00e7ais avec sous-titres en anglais.<\/p>","protected":false},"excerpt":{"rendered":"<p>Discussion after the feature with director Robin Pront and lead actor Kevin Janssens. Belgian beer reception to follow. The botched robbery that kicks off director Robin Pront\u2019s feature debut drives [&hellip;]<\/p>\n","protected":false},"author":1450,"featured_media":113503,"template":"","meta":{"_acf_changed":false,"inline_featured_image":false,"_tribe_events_status":"","_tribe_events_status_reason":"","_tribe_events_is_hybrid":"","_tribe_events_is_virtual":"","_tribe_events_virtual_video_source":"","_tribe_events_virtual_embed_video":"","_tribe_events_virtual_linked_button_text":"","_tribe_events_virtual_linked_button":"","_tribe_events_virtual_show_embed_at":"","_tribe_events_virtual_show_embed_to":[],"_tribe_events_virtual_show_on_event":"","_tribe_events_virtual_show_on_views":"","_tribe_events_virtual_url":"","footnotes":""},"tags":[],"neighborhoods":[3338],"tribe_events_cat":[3595],"class_list":["post-113500","tribe_events","type-tribe_events","status-publish","has-post-thumbnail","hentry","neighborhoods-montana-avenue","tribe_events_cat-theatreperformance","cat_theatreperformance"],"acf":[],"_links":{"self":[{"href":"https:\/\/www.santamonica.com\/fr\/wp-json\/wp\/v2\/tribe_events\/113500","targetHints":{"allow":["GET"]}}],"collection":[{"href":"https:\/\/www.santamonica.com\/fr\/wp-json\/wp\/v2\/tribe_events"}],"about":[{"href":"https:\/\/www.santamonica.com\/fr\/wp-json\/wp\/v2\/types\/tribe_events"}],"author":[{"embeddable":true,"href":"https:\/\/www.santamonica.com\/fr\/wp-json\/wp\/v2\/users\/1450"}],"version-history":[{"count":0,"href":"https:\/\/www.santamonica.com\/fr\/wp-json\/wp\/v2\/tribe_events\/113500\/revisions"}],"wp:featuredmedia":[{"embeddable":true,"href":"https:\/\/www.santamonica.com\/fr\/wp-json\/wp\/v2\/media\/113503"}],"wp:attachment":[{"href":"https:\/\/www.santamonica.com\/fr\/wp-json\/wp\/v2\/media?parent=113500"}],"wp:term":[{"taxonomy":"post_tag","embeddable":true,"href":"https:\/\/www.santamonica.com\/fr\/wp-json\/wp\/v2\/tags?post=113500"},{"taxonomy":"neighborhoods","embeddable":true,"href":"https:\/\/www.santamonica.com\/fr\/wp-json\/wp\/v2\/neighborhoods?post=113500"},{"taxonomy":"tribe_events_cat","embeddable":true,"href":"https:\/\/www.santamonica.com\/fr\/wp-json\/wp\/v2\/tribe_events_cat?post=113500"}],"curies":[{"name":"wp","href":"https:\/\/api.w.org\/{rel}","templated":true}]}}